{"id":374,"date":"2018-05-29T07:22:11","date_gmt":"2018-05-29T05:22:11","guid":{"rendered":"http:\/\/www.ra-holler.de\/?page_id=374"},"modified":"2020-01-21T08:59:02","modified_gmt":"2020-01-21T07:59:02","slug":"datenschutzerklaerung","status":"publish","type":"page","link":"https:\/\/anwaltskanzlei-holler.de\/index.php\/datenschutzerklaerung\/","title":{"rendered":"Datenschutzerkl\u00e4rung"},"content":{"rendered":"<h1>Datenschutzerkl\u00e4rung<\/h1><p><p>In dieser Datenschutzerkl\u00e4rung informieren wir Sie \u00fcber die Verarbeitung Ihrer personenbezogenen Daten.<\/p><p> Sofern Sie Ihre Datenschutzeinstellungen \u00e4ndern m\u00f6chten (Einwilligungen erteilen oder bereits erteilte Einwilligungen widerrufen), klicken Sie <a target=\"_blank\" href=\"#\" class=\"sp-dsgvo-show-privacy-popup\">hier<\/a> um Ihre Einstellungen zu \u00e4ndern.<\/p><h2>Verantwortlich<\/h2><p>RA Thomas Holler, Anwaltskanzlei Thomas Holler, Meesmannstra\u00dfe 46, 58456 Witten, Deutschland, <a href=\"mailto:info@ra-holler.de\">info@ra-holler.de<\/a>, 02302 760080<\/p><h2>Hosting Provider<\/h2><h3>Host Europe GmbH<\/h3><p><p>Wir hosten unsere Website bei unserem Auftragsverarbeiter <a target=\"_blank\" href=\"https:\/\/www.hosteurope.de\/\">Host Europe<\/a>, Host Europe GmbH, Hansestrasse 111, 51149 K\u00f6ln, Deutschland.<\/p><p>Zum Zweck der Bereitstellung und der Auslieferung der Website werden Verbindungsdaten verarbeitet. Zum blo\u00dfen Zweck der Auslieferung und Bereitstellung der Website werden die Daten \u00fcber den Aufruf hinaus nicht gespeichert.<\/p><p>Die Rechtsgrundlage f\u00fcr die Datenverarbeitung ist das berechtigte Interesse (unbedingte technische Notwendigkeit zur Bereitstellung und Auslieferung des von Ihnen durch Ihren Aufruf ausdr\u00fccklich gew\u00fcnschten Dienstes &#8222;Website&#8220;) gem\u00e4\u00df Art. 6 Abs. 1 lit. f DSGVO.<\/p><p>Zum Betrieb der Website werden die Verbindungsdaten und weitere personenbezogenen Daten zus\u00e4tzlich im Rahmen diverser anderer Funktionen bzw. Dienste verarbeitet. Dar\u00fcber wird im Rahmen dieser Datenschutzerkl\u00e4rung bei den einzelnen Funktionen bzw. Diensten im Detail informiert.<\/p><\/p><h2>Server Log Files<\/h2><span><p>Zum Zweck der \u00dcberwachung der technischen Funktion und zur Erh\u00f6hung der Betriebssicherheit unseres Webhosts werden Verbindungsdaten verarbeitet. Die Dauer der Verarbeitung ist auf  Tage beschr\u00e4nkt.<\/p><p>Die Rechtsgrundlage f\u00fcr die Datenverarbeitung ist das berechtigte Interesse (unbedingte technische Notwendigkeit eines Server Log Files als grundlegende Datenbasis zur Fehleranalyse und f\u00fcr Sicherheitsma\u00dfnahmen im Rahmen des durch Ihren Aufruf ausdr\u00fccklich gew\u00fcnschten Dienstes &#8222;Website&#8220;) gem\u00e4\u00df Art. 6 Abs. 1 lit. f DSGVO.<\/p><\/span><h2>Kontaktformular<\/h2><p><p>Auf unserer Website besteht die M\u00f6glichkeit, durch ein Kontaktformular direkt mit uns in Kontakt zu treten. Nach Absenden des Kontaktformulars erfolgt eine Verarbeitung der von Ihnen eingegebenen personenbezogenen Daten durch den Verantwortlichen zum Zweck der Bearbeitung Ihrer Anfrage auf Grundlage der von Ihnen durch das Absenden des Formulars erteilten Einwilligung gem. Art. 6 Abs. 1 lit. a DSGVO bis auf Widerruf.<br \/>Es besteht keine gesetzliche oder vertragliche Verpflichtung zur Bereitstellung der personenbezogenen Daten. Die Nichtbereitstellung hat lediglich zur Folge, dass Sie Ihr Anliegen nicht \u00fcbermitteln und wir dieses nicht bearbeiten k\u00f6nnen.<\/p><\/p><h2>Kommentarformular<\/h2><p><p>Durch die Kommentierung unserer Produkte, Beitr\u00e4ge, Fotos oder Videos erfolgt eine Verarbeitung der von Ihnen angegebenen personenbezogenen Daten zum Zweck der Darstellung Ihrer Kommentierung auf unserer Website sowie der internen Dokumentation auf der Rechtsgrundlage des mit Ihnen geschlossenen Vertrags gem\u00e4\u00df Art. 6 Abs. 1 lit. b DSGVO (unentgeltlicher Hostingvertrag zur Darstellung Ihrer Kommentierung auf unserer Website). Auf unserer Website erfolgt eine Ver\u00f6ffentlichung Ihres Namens sowie Ihres Kommentars. Die Speicherung Ihrer personenbezogenen Daten erfolgt bis zur L\u00f6schung der Kommentierung.<\/p><\/p><h2>Web Schriften<\/h2><h2>Embeddings<\/h2><h3>Google Maps<\/h3><p><p>Im Fall der Erteilung Ihrer Einwilligung verarbeiten wir mit dem Dienst <a target=\"_blank\" href=\"https:\/\/www.google.at\/maps\">Google Maps<\/a>, Google LLC, Amphitheatre Parkway, Mountain View, CA 94043, USA, als gemeinsame Verantwortliche Ihre personenbezogenen Daten zum Zweck der Anzeige interaktiver Karten auf unserer Website.<\/p><p>Wir erm\u00f6glichen dem Dienst die Erhebung von Verbindungsdaten, die Erhebung von Daten ihres Webbrowsers sowie die Platzierung eines Werbecookies. Durch die Platzierung von Werbecookies ist es Google m\u00f6glich, f\u00fcr jeden Nutzer eine individuelle User-ID zu berechnen. Diese zur eindeutigen Identifizierung geeigneten personenbezogenen Daten werden sodann im Rahmen des von Google betriebenen Werbenetzwerks verarbeitet.<\/p><p>Soweit durch Google eine weitergehende eigenst\u00e4ndige Verarbeitung der Daten insbesondere im Rahmen des Werbenetzwerkes von Google erfolgt, ist Google daf\u00fcr alleinige Verantwortliche. Details finden Sie in der <a target=\"_blank\" href=\"https:\/\/policies.google.com\/privacy?gl=AT&amp;hl=de#intro\">Datenschutzerkl\u00e4rung<\/a> von Google.<\/p><p>Die Nichterteilung der Einwilligung hat lediglich zur Folge, dass Ihnen der Dienst Google Maps nicht zur Verf\u00fcgung gestellt wird. Eine bereits erteilte Einwilligung k\u00f6nnen Sie widerrufen, indem Sie die <a target=\"_blank\" class=\"lwb-ppsp\" href=\"#\" title=\"Datenschutzeinstellungen\">Datenschutzeinstellungen<\/a> \u00e4ndern.<\/p><p>Die Rechtsgrundlage f\u00fcr die Datenverarbeitung ist Ihre Einwilligung gem\u00e4\u00df Art. 6 Abs 1 lit. a DSGVO.<\/p> <p>Der Google Konzern \u00fcbermittelt Ihre personenbezogenen Daten in die USA. Die Rechtsgrundlage f\u00fcr die Daten\u00fcbermittlung in die USA ist Ihre Einwilligung gem\u00e4\u00df Art. 49 Abs 1 lit a iVm Art. 6 Abs 1 lit a DSGVO in Verbindung mit \u00a725 TTDSG. Sie wurden bereits vor Erteilung Ihrer Einwilligung informiert, dass die USA \u00fcber kein den Standards der EU entsprechendes Datenschutzniveau verf\u00fcgt. Insbesondere k\u00f6nnen US Geheimdienste auf Ihre Daten zugreifen, ohne dass Sie dar\u00fcber informiert werden und ohne dass Sie dagegen rechtlich vorgehen k\u00f6nnen. Der Europ\u00e4ische Gerichtshof hat aus diesem Grund in einem Urteil den fr\u00fcheren Angemessenheitsbeschluss (Privacy Shield) f\u00fcr ung\u00fcltig erkl\u00e4rt.<\/p><\/p><h2>Widerspruchsrecht<\/h2><p><p>Sofern die Verarbeitung Ihrer personenbezogenen Daten auf Grundlage des berechtigten Interesses erfolgt, haben Sie das Recht gegen diese Verarbeitung zu widersprechen.<\/p><p>Sofern keine zwingenden schutzw\u00fcrdigen Gr\u00fcnde f\u00fcr die Verarbeitung unsererseits vorliegen, wird die Verarbeitung Ihrer Daten auf Basis dieser Rechtsgrundlage eingestellt.<\/p><p>Zudem haben Sie das Recht, der Verarbeitung Ihrer personenbezogenen Daten zum Zweck der Direktwerbung zu widersprechen. Im Fall des Widerspruchs werden Ihre personenbezogenen Daten nicht mehr zum Zweck der Direktwerbung verarbeitet.<\/p><p>Die Rechtm\u00e4\u00dfigkeit der bis zum Widerspruch verarbeiteten Daten wird durch den Widerspruch nicht ber\u00fchrt.<\/p><\/p><h2>Widerrufsrecht<\/h2><p><p>Sie haben das Recht eine bereits erteilte Einwilligung jederzeit zu widerrufen, indem Sie die <a target=\"_blank\" class=\"lwb-ppsp\" href=\"#\" title=\"Datenschutzeinstellungen\">Datenschutzeinstellungen<\/a> \u00e4ndern.<\/p><p>Im Fall der Einwilligung in den Erhalt elektronischer Werbung kann der Widerruf Ihrer Einwilligung durch Klick auf den Abmeldelink erfolgen. In diesem Fall wird eine Verarbeitung, sofern keine andere Rechtsgrundlage besteht, eingestellt.<\/p><p>Die Rechtm\u00e4\u00dfigkeit der bis zum Widerruf verarbeiteten Daten wird durch den Widerruf nicht ber\u00fchrt.<\/p><\/p><h2>Betroffenenrechte<\/h2><p><p>Sie haben zudem das Recht auf Auskunft, Berichtigung, L\u00f6schung und Einschr\u00e4nkung der Verarbeitung der personenbezogenen Daten.<\/p><p>Soweit die Rechtsgrundlage der Verarbeitung Ihrer personenbezogenen Daten in Ihrer Einwilligung oder in einem mit Ihnen abgeschlossenen Vertrag besteht, haben Sie \u00fcberdies das Recht auf Daten\u00fcbertragbarkeit. <\/p><p>Weiters haben Sie das Recht auf Beschwerde bei der Aufsichtsbeh\u00f6rde. N\u00e4here Informationen zu den Aufsichtsbeh\u00f6rden in der Europ\u00e4ischen Union finden Sie <a target=\"_blank\" href=\"https:\/\/ec.europa.eu\/justice\/article-29\/structure\/data-protection-authorities\/index_en.htm\" title=\"Datenschutzbeh\u00f6rden\">hier<\/a>.<\/p><\/p>\n\n\n<p><strong>Datenschutzerkl\u00e4rung<\/strong><\/p>\n<p>Wir, die Anwaltskanzlei Holler bedanken uns f\u00fcr Ihren Besuch auf unserer Homepage. Gerade als Rechtsanwaltskanzlei ist uns der sichere Umgang mit Ihren Daten besonders wichtig. Wir m\u00f6chten Sie daher hiermit ausf\u00fchrlich \u00fcber die Verwendung Ihrer Daten bei dem Besuch unseres Webauftritts informieren.<\/p>\n<ol>\n<li>Begriffsbestimmungen<\/li>\n<\/ol>\n<p>Die Datenschutzerkl\u00e4rung der Anwaltskanzlei Holler beruht auf den Begrifflichkeiten, die durch den Europ\u00e4ischen Richtlinien- und Verordnungsgeber beim Erlass der Datenschutz-Grundverordnung (DSGVO) verwendet wurden. Unsere Datenschutzerkl\u00e4rung soll sowohl f\u00fcr die \u00d6ffentlichkeit als auch f\u00fcr unsere Kunden und Gesch\u00e4ftspartner einfach lesbar und verst\u00e4ndlich sein. Um dies zu gew\u00e4hrleisten, m\u00f6chten wir vorab die verwendeten Begrifflichkeiten erl\u00e4utern.<\/p>\n<p>Wir verwenden in dieser Datenschutzerkl\u00e4rung unter anderem die folgenden Begriffe:<\/p>\n<p>&#8211;&nbsp;&nbsp;&nbsp;&nbsp;&nbsp;&nbsp;&nbsp; Personenbezogene Daten: Personenbezogene Daten sind alle Informationen, die sich auf eine identifizierte oder identifizierbare nat\u00fcrliche Person (im Folgenden &#8222;betroffene Person&#8220;) beziehen. Als identifizierbar wird eine nat\u00fcrliche Person angesehen, die direkt oder indirekt, insbesondere mittels Zuordnung zu einer Kennung wie einem Namen, zu einer Kennnummer, zu Standortdaten, zu einer Online-Kennung oder zu einem oder mehreren besonderen Merkmalen, die Ausdruck der physischen, physiologischen, genetischen, psychischen, wirtschaftlichen, kulturellen oder sozialen Identit\u00e4t dieser nat\u00fcrlichen Person sind, identifiziert werden kann.<\/p>\n<p>&#8211;&nbsp;&nbsp;&nbsp;&nbsp;&nbsp;&nbsp;&nbsp; Betroffene Person: Betroffene Person ist jede identifizierte oder identifizierbare nat\u00fcrliche Person, deren personenbezogene Daten von dem f\u00fcr die Verarbeitung Verantwortlichen verarbeitet werden.<\/p>\n<p>&#8211;&nbsp;&nbsp;&nbsp;&nbsp;&nbsp;&nbsp;&nbsp; Verarbeitung: Verarbeitung ist jeder mit oder ohne Hilfe automatisierter Verfahren ausgef\u00fchrte Vorgang oder jede solche Vorgangsreihe im Zusammenhang mit personenbezogenen Daten wie das Erheben, das Erfassen, die Organisation, das Ordnen, die Speicherung, die Anpassung oder Ver\u00e4nderung, das Auslesen, das Abfragen, die Verwendung, die Offenlegung durch \u00dcbermittlung, Verbreitung oder eine andere Form der Bereitstellung, den Abgleich oder die Verkn\u00fcpfung, die Einschr\u00e4nkung, das L\u00f6schen oder die Vernichtung.<\/p>\n<p>&#8211;&nbsp;&nbsp;&nbsp;&nbsp;&nbsp;&nbsp;&nbsp; Einschr\u00e4nkung der Verarbeitung: Einschr\u00e4nkung der Verarbeitung ist die Markierung gespeicherter personenbezogener Daten mit dem Ziel, ihre k\u00fcnftige Verarbeitung einzuschr\u00e4nken.<\/p>\n<p>&#8211;&nbsp;&nbsp;&nbsp;&nbsp;&nbsp;&nbsp;&nbsp; Profiling: Profiling ist jede Art der automatisierten Verarbeitung personenbezogener Daten, die darin besteht, dass diese personenbezogenen Daten verwendet werden, um bestimmte pers\u00f6nliche Aspekte, die sich auf eine nat\u00fcrliche Person beziehen, zu bewerten, insbesondere, um Aspekte bez\u00fcglich Arbeitsleistung, wirtschaftlicher Lage, Gesundheit, pers\u00f6nlicher Vorlieben, Interessen, Zuverl\u00e4ssigkeit, Verhalten, Aufenthaltsort oder Ortswechsel dieser nat\u00fcrlichen Person zu analysieren oder vorherzusagen.<\/p>\n<p>&#8211;&nbsp;&nbsp;&nbsp;&nbsp;&nbsp;&nbsp;&nbsp; Pseudonymisierung: Pseudonymisierung ist die Verarbeitung personenbezogener Daten in einer Weise, auf welche die personenbezogenen Daten ohne Hinzuziehung zus\u00e4tzlicher Informationen nicht mehr einer spezifischen betroffenen Person zugeordnet werden k\u00f6nnen, sofern diese zus\u00e4tzlichen Informationen gesondert aufbewahrt werden und technischen und organisatorischen Ma\u00dfnahmen unterliegen, die gew\u00e4hrleisten, dass die personenbezogenen Daten nicht einer identifizierten oder identifizierbaren nat\u00fcrlichen Person zugewiesen werden.<\/p>\n<p>&#8211;&nbsp;&nbsp;&nbsp;&nbsp;&nbsp;&nbsp;&nbsp; Verantwortlicher oder f\u00fcr die Verarbeitung Verantwortlicher: Verantwortlicher oder f\u00fcr die Verarbeitung Verantwortlicher ist die nat\u00fcrliche oder juristische Person, Beh\u00f6rde, Einrichtung oder andere Stelle, die allein oder gemeinsam mit anderen \u00fcber die Zwecke und Mittel der Verarbeitung von personenbezogenen Daten entscheidet. Sind die Zwecke und Mittel dieser Verarbeitung durch das Unionsrecht oder das Recht der Mitgliedstaaten vorgegeben, so kann der Verantwortliche bzw. k\u00f6nnen die bestimmten Kriterien seiner Benennung nach dem Unionsrecht oder dem Recht der Mitgliedstaaten vorgesehen werden.<\/p>\n<p>&#8211;&nbsp;&nbsp;&nbsp;&nbsp;&nbsp;&nbsp;&nbsp; Auftragsverarbeiter: Auftragsverarbeiter ist eine nat\u00fcrliche oder juristische Person, Beh\u00f6rde, Einrichtung oder andere Stelle, die personenbezogene Daten im Auftrag des Verantwortlichen verarbeitet.<\/p>\n<p>&#8211;&nbsp;&nbsp;&nbsp;&nbsp;&nbsp;&nbsp;&nbsp; Empf\u00e4nger: Empf\u00e4nger ist eine nat\u00fcrliche oder juristische Person, Beh\u00f6rde, Einrichtung oder andere Stelle, der personenbezogene Daten offengelegt werden, unabh\u00e4ngig davon, ob es sich bei ihr um einen Dritten handelt oder nicht. Beh\u00f6rden, die im Rahmen eines bestimmten Untersuchungsauftrags nach dem Unionsrecht oder dem Recht der Mitgliedstaaten m\u00f6glicherweise personenbezogene Daten erhalten, gelten jedoch nicht als Empf\u00e4nger.<\/p>\n<p>&#8211;&nbsp;&nbsp;&nbsp;&nbsp;&nbsp;&nbsp;&nbsp; Dritter: Dritter ist eine nat\u00fcrliche oder juristische Person, Beh\u00f6rde, Einrichtung oder andere Stelle au\u00dfer der betroffenen Person, dem Verantwortlichen, dem Auftragsverarbeiter und den Personen, die unter der unmittelbaren Verantwortung des Verantwortlichen oder des Auftragsverarbeiters befugt sind, die personenbezogenen Daten zu verarbeiten.<\/p>\n<p>&#8211;&nbsp;&nbsp;&nbsp;&nbsp;&nbsp;&nbsp;&nbsp; Einwilligung: Einwilligung ist jede von der betroffenen Person freiwillig f\u00fcr den bestimmten Fall in informierter Weise und unmissverst\u00e4ndlich abgegebene Willensbekundung in Form einer Erkl\u00e4rung oder einer sonstigen eindeutigen best\u00e4tigenden Handlung, mit der die betroffene Person zu verstehen gibt, dass sie mit der Verarbeitung der sie betreffenden personenbezogenen Daten einverstanden ist.<\/p>\n<ol start=\"2\">\n<li>Erfassung von Daten<\/li>\n<\/ol>\n<p>Die Internetseite der Kanzlei Holler erfasst mit jedem Aufruf der Internetseite durch eine betroffene Person oder ein automatisiertes System eine Reihe von allgemeinen Daten und Informationen. Diese allgemeinen Daten und Informationen werden in den Logfiles des Servers gespeichert. Erfasst werden k\u00f6nnen die<\/p>\n<ol>\n<li>a) verwendeten Browsertypen und Versionen,<\/li>\n<li>b) das vom zugreifenden System verwendete Betriebssystem,<\/li>\n<li>c) die Internetseite, von welcher ein zugreifendes System auf unsere Internetseite gelangt (sog. Referrer),<\/li>\n<li>d) die Unterwebseiten, welche \u00fcber ein zugreifendes System auf unserer Internetseite angesteuert werden,<\/li>\n<li>e) das Datum und die Uhrzeit eines Zugriffs auf die Internetseite,<\/li>\n<li>f) eine Internetprotokolladresse (IP-Adresse),<\/li>\n<li>g) der Internet-Service-Provider des zugreifenden Systems und<\/li>\n<li>h) sonstige \u00e4hnliche Daten und Informationen, die der Gefahrenabwehr im Fall von Angriffen auf unsere informationstechnologischen Systeme dienen.<\/li>\n<\/ol>\n<p>Bei der Nutzung dieser allgemeinen Daten und Informationen zieht die Kanzlei\/Firma &#8230; keine R\u00fcckschl\u00fcsse auf die betroffene Person. Diese Informationen werden vielmehr ben\u00f6tigt, um<\/p>\n<ol>\n<li>a) die Inhalte unserer Internetseite korrekt auszuliefern,<\/li>\n<li>b) die Inhalte unserer Internetseite sowie die Werbung f\u00fcr diese zu optimieren,<\/li>\n<li>c) die dauerhafte Funktionsf\u00e4higkeit unserer informationstechnologischen Systeme und der Technik unserer Internetseite zu gew\u00e4hrleisten sowie<\/li>\n<li>d) um Strafverfolgungsbeh\u00f6rden im Fall eines Cyberangriffs die zur Strafverfolgung notwendigen Informationen bereitzustellen.<\/li>\n<\/ol>\n<p>Diese anonym erhobenen Daten und Informationen werden durch die Kanzlei Holler daher einerseits statistisch und ferner mit dem Ziel ausgewertet, den Datenschutz und die Datensicherheit in unserem Unternehmen zu erh\u00f6hen, um letztlich ein optimales Schutzniveau f\u00fcr die von uns verarbeiteten personenbezogenen Daten sicherzustellen. Die anonymen Daten der Server-Logfiles werden getrennt von allen durch eine betroffene Person angegebenen personenbezogenen Daten gespeichert.<\/p>\n<ol start=\"3\">\n<li>Gesetzliche oder vertragliche Vorschriften zur Bereitstellung der personenbezogenen Daten; Erforderlichkeit f\u00fcr den Vertragsabschluss; Verpflichtung der betroffenen Person, die personenbezogenen Daten bereitzustellen; m\u00f6gliche Folgen der Nichtbereitstellung<\/li>\n<\/ol>\n<p>Wir kl\u00e4ren Sie dar\u00fcber auf, dass die Bereitstellung personenbezogener Daten zum Teil gesetzlich vorgeschrieben ist (z.B. Steuervorschriften) oder sich auch aus vertraglichen Regelungen (z.B. Angaben zum Vertragspartner) ergeben kann. Mitunter kann es zu einem Vertragsschluss erforderlich sein, dass eine betroffene Person uns personenbezogene Daten zur Verf\u00fcgung stellt, die in der Folge durch uns verarbeitet werden m\u00fcssen. Die betroffene Person ist beispielsweise verpflichtet, uns personenbezogene Daten bereitzustellen, wenn unser Unternehmen mit ihr einen Vertrag abschlie\u00dft. Eine Nichtbereitstellung der personenbezogenen Daten h\u00e4tte zur Folge, dass der Vertrag mit dem Betroffenen nicht geschlossen werden k\u00f6nnte. Vor einer Bereitstellung personenbezogener Daten durch den Betroffenen muss sich der Betroffene an unseren Datenschutzbeauftragten wenden. Unser Datenschutzbeauftragter kl\u00e4rt den Betroffenen einzelfallbezogen dar\u00fcber auf, ob die Bereitstellung der personenbezogenen Daten gesetzlich oder vertraglich vorgeschrieben oder f\u00fcr den Vertragsabschluss erforderlich ist, ob eine Verpflichtung besteht, die personenbezogenen Daten bereitzustellen, und welche Folgen die Nichtbereitstellung der personenbezogenen Daten h\u00e4tte.<\/p>\n<ol start=\"4\">\n<li>Datenverwendung bei Anmeldung zum E-Mail-Newsletter (derzeit noch inaktiv. Newsletter wird erst voraussichtlich ab dem Jahre 2019 angeboten)<\/li>\n<\/ol>\n<p>&nbsp;<\/p>\n<ol start=\"5\">\n<li>Newsletter-Tracking<\/li>\n<\/ol>\n<p>Die Newsletter der Kanzlei Holler enthalten sogenannte Z\u00e4hlpixel. Ein Z\u00e4hlpixel ist eine Miniaturgrafik, die in solche E-Mails eingebettet wird, welche im HTML-Format versendet werden, um eine Logdatei-Aufzeichnung und eine Logdatei-Analyse zu erm\u00f6glichen. Dadurch kann eine statistische Auswertung des Erfolgs oder Misserfolgs von Online-Marketing-Kampagnen durchgef\u00fchrt werden. Anhand des eingebetteten Z\u00e4hlpixels kann die Kanzlei Holler erkennen, ob und wann eine E-Mail von einer betroffenen Person ge\u00f6ffnet wurde und welche in der E-Mail befindlichen Links von der betroffenen Person aufgerufen wurden.<\/p>\n<p>Solche \u00fcber die in den Newslettern enthaltenen Z\u00e4hlpixel erhobenen personenbezogenen Daten werden von dem f\u00fcr die Verarbeitung Verantwortlichen gespeichert und ausgewertet, um den Newsletterversand zu optimieren und den Inhalt zuk\u00fcnftiger Newsletter noch besser den Interessen der betroffenen Person anzupassen. Diese personenbezogenen Daten werden nicht an Dritte weitergegeben. Betroffene Personen sind jederzeit berechtigt, die diesbez\u00fcgliche gesonderte, \u00fcber das Double-Opt-In-Verfahren abgegebene Einwilligungserkl\u00e4rung zu widerrufen. Nach einem Widerruf werden diese personenbezogenen Daten von dem f\u00fcr die Verarbeitung Verantwortlichen gel\u00f6scht. Eine Abmeldung vom Erhalt des Newsletters deutet die&nbsp;Kanzlei Holler&nbsp;automatisch als Widerruf.<\/p>\n<ol start=\"6\">\n<li>Kontaktm\u00f6glichkeit \u00fcber die Internetseite<\/li>\n<\/ol>\n<p>Die Internetseite der Anwaltskanzlei Holler enth\u00e4lt aufgrund von gesetzlichen Vorschriften Angaben, die eine schnelle elektronische Kontaktaufnahme zu unserem Unternehmen sowie eine unmittelbare Kommunikation mit uns erm\u00f6glichen, was ebenfalls eine allgemeine Adresse der sogenannten elektronischen Post (E-Mail-Adresse) umfasst. Sofern eine betroffene Person per E-Mail oder \u00fcber ein Kontaktformular den Kontakt mit dem f\u00fcr die Verarbeitung Verantwortlichen aufnimmt, werden die von der betroffenen Person \u00fcbermittelten personenbezogenen Daten automatisch gespeichert. Solche auf freiwilliger Basis von einer betroffenen Person an den f\u00fcr die Verarbeitung Verantwortlichen \u00fcbermittelten personenbezogenen Daten werden f\u00fcr Zwecke der Bearbeitung oder der Kontaktaufnahme zur betroffenen Person gespeichert. Es erfolgt keine Weitergabe dieser personenbezogenen Daten an Dritte.<\/p>\n<ol start=\"7\">\n<li>Verwendung von Cookies<\/li>\n<\/ol>\n<p>Um den Besuch unserer Webseite attraktiv zu gestalten und die Nutzung bestimmter Funktionen zu erm\u00f6glichen, verwenden wir auf verschiedenen Seiten sogenannte Cookies. Hierbei handelt es sich um kleine Textdateien, die auf Ihrem Endger\u00e4t gespeichert werden. Einige der von uns verwendeten Cookies werden nach Ende der Browser-Sitzung, also nach Schlie\u00dfen Ihres Browsers, wieder gel\u00f6scht (sog. Sitzungs-Cookies). Andere Cookies verbleiben auf Ihrem Endger\u00e4t und erm\u00f6glichen uns, Ihren Browser beim n\u00e4chsten Besuch wiederzuerkennen (persistente Cookies). Sie k\u00f6nnen Ihren Browser so einstellen, dass Sie \u00fcber das Setzen von Cookies informiert werden und einzeln \u00fcber deren Annahme entscheiden oder die Annahme von Cookies f\u00fcr bestimmte F\u00e4lle oder generell ausschlie\u00dfen. Bei der Nichtannahme von Cookies kann die Funktionalit\u00e4t unserer Webseite eingeschr\u00e4nkt sein.<\/p>\n<p>Wenn Sie Cookies verwenden, sollten Sie die Entwicklung der europ\u00e4ischen e-Privacy-Verordnung beachten! Da sich diese bei Redaktionsschluss noch in Verhandlung befindet, k\u00f6nnen wir an dieser Stelle die Datenschutzerkl\u00e4rung nur auf das derzeit geltende Recht anpassen.<\/p>\n<ol start=\"8\">\n<li>Einsatz von Google (Universal) Analytics zur Webanalyse<\/li>\n<\/ol>\n<p>Sofern Sie keine Webanalyse-Systeme verwenden, ben\u00f6tigen Sie den folgenden Abschnitt in Ihrer Datenschutzerkl\u00e4rung nicht.<\/p>\n<p>Diese Webseite benutzt Google (Universal) Analytics, einen Webanalysedienst der Google Inc. (<a href=\"http:\/\/www.google.de\/\">www.google.de<\/a>). Google (Universal) Analytics verwendet Methoden, die eine Analyse der Benutzung der Webseite durch Sie erm\u00f6glichen, wie zum Beispiel sogenannte &#8222;Cookies&#8220;, Textdateien, die auf Ihrem Computer gespeichert werden. Die erzeugten Informationen \u00fcber Ihre Benutzung dieser Webseite werden i.d.R. an einen Server von Google in den USA \u00fcbertragen und dort gespeichert. Durch die Aktivierung der IP-Anonymisierung auf dieser Webseite wird dabei die IP-Adresse vor der \u00dcbermittlung innerhalb der Mitgliedstaaten der Europ\u00e4ischen Union oder in anderen Vertragsstaaten des Abkommens \u00fcber den Europ\u00e4ischen Wirtschaftsraum gek\u00fcrzt. Nur in Ausnahmef\u00e4llen wird die volle IP-Adresse an einen Server von Google in den USA \u00fcbertragen und dort gek\u00fcrzt. Die im Rahmen von Google Analytics von Ihrem Browser \u00fcbermittelte anonymisierte IP-Adresse wird nicht mit anderen Daten von Google zusammengef\u00fchrt.<\/p>\n<p>Sie k\u00f6nnen die Erfassung der durch das Cookie erzeugten und auf Ihre Nutzung der Webseite bezogenen Daten (inkl. Ihrer IP-Adresse) an Google sowie die Verarbeitung dieser Daten durch Google verhindern, indem Sie das unter dem folgenden Link verf\u00fcgbare Browser-Plug-in herunterladen und installieren: <a href=\"http:\/\/wbs.is\/rom89\">http:\/\/wbs.is\/rom89<\/a>.<\/p>\n<p>Alternativ zum Browser-Plug-in k\u00f6nnen Sie diesen Link klicken, um die Erfassung durch Google Analytics auf dieser Webseite zuk\u00fcnftig zu verhindern. Dabei wird ein Opt-Out-Cookie auf Ihrem Endger\u00e4t abgelegt. L\u00f6schen Sie Ihre Cookies, m\u00fcssen Sie den Link erneut klicken.<\/p>\n<p>Der Nutzer hat die M\u00f6glichkeit, durch Klick auf &#8222;diesen Link&#8220; in der Datenschutzerkl\u00e4rung ein Opt-Out-Cookie zu setzen. F\u00fcr das Opt-Out-Cookie muss ein Script immer vor dem eigentlichen Google Analytics-Script im Quelltext eingef\u00fcgt werden. Wie Sie dies umsetzen k\u00f6nnen, erfahren Sie auf der Google Analytics Webseite <a href=\"http:\/\/wbs.is\/rom71\">http:\/\/wbs.is\/rom71<\/a>.<\/p>\n<p>Wer Webanalyse-Systeme verwendet, verwendet auch Cookies und sollte daher die Entwicklung der europ\u00e4ischen e-Privacy-Verordnung beachten! Da sich diese bei Redaktionsschluss noch in Verhandlung befindet, k\u00f6nnen wir an dieser Stelle die Datenschutzerkl\u00e4rung nur auf das derzeit geltende Recht anpassen.<\/p>\n<ol start=\"9\">\n<li>Verwendung von Social Plug-ins von Facebook unter Verwendung der &#8222;2-Klick-L\u00f6sung&#8220;<\/li>\n<\/ol>\n<p>Sofern Sie keine Social-Media-Plug-ins verwenden, ben\u00f6tigen Sie den folgenden Abschnitt in Ihrer Datenschutzerkl\u00e4rung nicht.<\/p>\n<p>Auf unserer Webseite werden sogenannte Social Plug-ins (&#8222;Plug-ins&#8220;) des sozialen Netzwerks Facebook verwendet. Dieser Dienst wird von den Unternehmen Facebook Inc. angeboten (&#8222;Anbieter&#8220;).<\/p>\n<p>Facebook wird betrieben von der Facebook Inc., 1601 S. California Ave, Palo Alto, CA 94304, USA (&#8222;Facebook&#8220;). Eine \u00dcbersicht \u00fcber die Plug-ins von Facebook und deren Aussehen finden Sie hier: <a href=\"http:\/\/wbs.is\/rom90\">http:\/\/wbs.is\/rom90<\/a>.<\/p>\n<p>Um den Schutz Ihrer Daten beim Besuch unserer Webseite zu erh\u00f6hen, sind die Plug-ins mittels sogenannter &#8222;2-Klick-L\u00f6sung&#8220; in die Seite eingebunden. Diese Einbindung gew\u00e4hrleistet, dass beim Aufruf einer Seite unseres Webauftritts, die solche Plug-ins enth\u00e4lt, noch keine Verbindung mit den Servern von Facebook hergestellt wird. Erst wenn Sie die Plug-ins aktivieren und damit Ihre Zustimmung zur Daten\u00fcbermittlung erteilen, stellt Ihr Browser eine direkte Verbindung zu den Servern von Facebook her. Der Inhalt des jeweiligen Plug-ins wird direkt an Ihren Browser \u00fcbermittelt und in die Seite eingebunden. Durch die Einbindung der Plug-ins erh\u00e4lt Facebook die Information, dass Ihr Browser die entsprechende Seite unseres Webauftritts aufgerufen hat, auch wenn Sie kein Profil bei Facebook besitzen oder gerade nicht eingeloggt sind. Diese Information (einschlie\u00dflich Ihrer IP-Adresse) wird von Ihrem Browser direkt an einen Server von Facebook in die USA \u00fcbermittelt und dort gespeichert. Wenn Sie mit den Plug-ins interagieren, z.B. den &#8222;Gef\u00e4llt mir&#8220;-Button bet\u00e4tigen, wird die entsprechende Information ebenfalls direkt an einen Server von Facebook \u00fcbermittelt und dort gespeichert. Die Informationen werden au\u00dferdem bei Facebook ver\u00f6ffentlicht und dort Ihren Kontakten angezeigt. Zweck und Umfang der Datenerhebung und die weitere Verarbeitung und Nutzung der Daten durch Facebook sowie Ihre diesbez\u00fcglichen Rechte und Einstellungsm\u00f6glichkeiten zum Schutz Ihrer Privatsph\u00e4re entnehmen Sie bitte den Datenschutzhinweisen von Facebook unter <a href=\"http:\/\/wbs.is\/rom91\">http:\/\/wbs.is\/rom91<\/a>.<\/p>\n<ol start=\"10\">\n<li>Eingebettete Videos und Bilder von externen Internetseiten<\/li>\n<\/ol>\n<p>Einige unserer Seiten enthalten eingebettete Inhalte von YouTube oder Instagram. Beim alleinigen Aufrufen einer Seite aus unserem Internetangebot mit eingebundenen Videos oder Bildern aus unserem YouTube- und\/oder Instagram-Kanal werden keine personenbezogenen Daten, mit Ausnahme der IP-Adresse, \u00fcbermittelt. Die IP-Adresse wird im Fall von YouTube an die Google Inc., 600 Amphitheatre Parkway, Mountain View, CA 94043, USA (&#8222;Google&#8220;) und im Fall von Instagram an die Instagram Inc., 181 SouthPark Street Suite 2 San Francisco, California 94107, USA (&#8222;Instagram&#8220;) \u00fcbermittelt.<\/p>\n<p>An dieser Stelle sollten all jene Drittanbieter aufgef\u00fchrt werden, von denen Sie Content in Ihre Webseite einbinden. Wer keinen fremden Content einbindet, ben\u00f6tigt auch diesen Abschnitt in seiner Datenschutzerkl\u00e4rung nicht.<\/p>\n<ol start=\"11\">\n<li>Bekanntmachung von Ver\u00e4nderungen<\/li>\n<\/ol>\n<p>Gesetzes\u00e4nderungen oder \u00c4nderungen unserer internen Prozesse k\u00f6nnen eine Anpassung dieser Datenschutzerkl\u00e4rung erforderlich machen.<\/p>\n<p>F\u00fcr den Fall einer solchen \u00c4nderung werden wir Ihnen dies sp\u00e4testens sechs Wochen vor Inkrafttreten mitteilen. Ihnen steht generell (Nr.&nbsp;6) ein Widerrufsrecht hinsichtlich Ihrer erteilten Einwilligungen zu.<\/p>\n<p>Bitte beachten Sie, dass (sofern Sie keinen Gebrauch von Ihrem Widerrufsrecht machen) die jeweils aktuelle Version der Datenschutzerkl\u00e4rung die g\u00fcltige ist.<\/p>\n<ol start=\"12\">\n<li>Aktualisierung\/L\u00f6schung Ihrer pers\u00f6nlichen Daten<\/li>\n<\/ol>\n<p>Sie haben jederzeit die M\u00f6glichkeit, die uns zur Verf\u00fcgung gestellten pers\u00f6nlichen Daten zu \u00fcberpr\u00fcfen, zu \u00e4ndern oder zu l\u00f6schen, indem Sie uns eine E-Mail an die E-Mail-Adresse &#8230; schicken. Wenn Sie Mitglied bei uns sind, k\u00f6nnen Sie dort auch den Empfang weiterer Informationen f\u00fcr die Zukunft ausschlie\u00dfen.<\/p>\n<p>Ebenso haben Sie das Recht, einmal erteilte Einwilligungen mit Wirkung f\u00fcr die Zukunft jederzeit zu widerrufen.<\/p>\n<p>Die L\u00f6schung der gespeicherten personenbezogenen Daten erfolgt, wenn Sie Ihre Einwilligung zur Speicherung widerrufen.<\/p>\n<p>Der f\u00fcr die Verarbeitung Verantwortliche verarbeitet und speichert personenbezogene Daten der betroffenen Person nur f\u00fcr den Zeitraum, der zur Erreichung des Speicherungszwecks erforderlich ist oder sofern dies durch den Europ\u00e4ischen Richtlinien- und Verordnungsgeber oder einen anderen Gesetzgeber in Gesetzen oder Vorschriften, welchen der f\u00fcr die Verarbeitung Verantwortliche unterliegt, vorgesehen wurde.<\/p>\n<p>Entf\u00e4llt der Speicherungszweck oder l\u00e4uft eine vom Europ\u00e4ischen Richtlinien- und Verordnungsgeber oder einem anderen zust\u00e4ndigen Gesetzgeber vorgeschriebene Speicherfrist ab, werden die personenbezogenen Daten routinem\u00e4\u00dfig und entsprechend den gesetzlichen Vorschriften gesperrt oder gel\u00f6scht.<\/p>\n<ol start=\"13\">\n<li>Rechte der betroffenen Personen<\/li>\n<\/ol>\n<p>Jede betroffene Person hat das vom Europ\u00e4ischen Richtlinien- und Verordnungsgeber einger\u00e4umte Recht, von dem f\u00fcr die Verarbeitung Verantwortlichen eine Best\u00e4tigung dar\u00fcber zu verlangen, ob sie betreffende personenbezogene Daten verarbeitet werden. M\u00f6chte eine betroffene Person dieses Best\u00e4tigungsrecht in Anspruch nehmen, kann sie sich hierzu jederzeit an unseren Datenschutzbeauftragten oder einen anderen Mitarbeiter des f\u00fcr die Verarbeitung Verantwortlichen wenden.<\/p>\n<p>Jede von der Verarbeitung personenbezogener Daten betroffene Person hat das vom Europ\u00e4ischen Richtlinien- und Verordnungsgeber gew\u00e4hrte Recht, jederzeit von dem f\u00fcr die Verarbeitung Verantwortlichen unentgeltliche Auskunft \u00fcber die zu seiner Person gespeicherten personenbezogenen Daten und eine Kopie dieser Auskunft zu erhalten. Ferner hat der Europ\u00e4ische Richtlinien- und Verordnungsgeber der betroffenen Person Auskunft \u00fcber folgende Informationen zugestanden:<\/p>\n<p>&#8211;&nbsp;&nbsp;&nbsp;&nbsp;&nbsp;&nbsp;&nbsp; die Verarbeitungszwecke<\/p>\n<p>&#8211;&nbsp;&nbsp;&nbsp;&nbsp;&nbsp;&nbsp;&nbsp; die Kategorien personenbezogener Daten, die verarbeitet werden<\/p>\n<p>&#8211;&nbsp;&nbsp;&nbsp;&nbsp;&nbsp;&nbsp;&nbsp; die Empf\u00e4nger oder Kategorien von Empf\u00e4ngern, gegen\u00fcber denen die personenbezogenen Daten offengelegt worden sind oder noch offengelegt werden, insbesondere bei Empf\u00e4ngern in Drittl\u00e4ndern oder bei internationalen Organisationen<\/p>\n<p>&#8211;&nbsp;&nbsp;&nbsp;&nbsp;&nbsp;&nbsp;&nbsp; falls m\u00f6glich die geplante Dauer, f\u00fcr die die personenbezogenen Daten gespeichert werden, oder, falls dies nicht m\u00f6glich ist, die Kriterien f\u00fcr die Festlegung dieser Dauer<\/p>\n<p>&#8211;&nbsp;&nbsp;&nbsp;&nbsp;&nbsp;&nbsp;&nbsp; das Bestehen eines Rechts auf Berichtigung oder L\u00f6schung der sie betreffenden personenbezogenen Daten oder auf Einschr\u00e4nkung der Verarbeitung durch den Verantwortlichen oder eines Widerspruchsrechts gegen diese Verarbeitung<\/p>\n<p>&#8211;&nbsp;&nbsp;&nbsp;&nbsp;&nbsp;&nbsp;&nbsp; das Bestehen eines Beschwerderechts bei einer Aufsichtsbeh\u00f6rde<\/p>\n<p>&#8211;&nbsp;&nbsp;&nbsp;&nbsp;&nbsp;&nbsp;&nbsp; wenn die personenbezogenen Daten nicht bei der betroffenen Person erhoben werden: Alle verf\u00fcgbaren Informationen \u00fcber die Herkunft der Daten<\/p>\n<p>&#8211;&nbsp;&nbsp;&nbsp;&nbsp;&nbsp;&nbsp;&nbsp; das Bestehen einer automatisierten Entscheidungsfindung einschlie\u00dflich Profiling gem. Art.&nbsp;22 Abs.&nbsp;1 und&nbsp;4 DSGVO und &#8211; zumindest in diesen F\u00e4llen &#8211; aussagekr\u00e4ftige Informationen \u00fcber die involvierte Logik sowie die Tragweite und die angestrebten Auswirkungen einer derartigen Verarbeitung f\u00fcr die betroffene Person<\/p>\n<p>Ferner steht der betroffenen Person ein Auskunftsrecht dar\u00fcber zu, ob personenbezogene Daten an ein Drittland oder an eine internationale Organisation \u00fcbermittelt wurden. Sofern dies der Fall ist, so steht der betroffenen Person im \u00dcbrigen das Recht zu, Auskunft \u00fcber die geeigneten Garantien im Zusammenhang mit der \u00dcbermittlung zu erhalten.<\/p>\n<p>M\u00f6chte eine betroffene Person dieses Auskunftsrecht in Anspruch nehmen, kann sie sich hierzu jederzeit an unseren Datenschutzbeauftragten oder einen anderen Mitarbeiter des f\u00fcr die Verarbeitung Verantwortlichen wenden.<\/p>\n<p>Jede von der Verarbeitung personenbezogener Daten betroffene Person hat das vom Europ\u00e4ischen Richtlinien- und Verordnungsgeber gew\u00e4hrte Recht, die unverz\u00fcgliche Berichtigung sie betreffender unrichtiger personenbezogener Daten zu verlangen. Ferner steht der betroffenen Person das Recht zu, unter Ber\u00fccksichtigung der Zwecke der Verarbeitung, die Vervollst\u00e4ndigung unvollst\u00e4ndiger personenbezogener Daten &#8211; auch mittels einer erg\u00e4nzenden Erkl\u00e4rung &#8211; zu verlangen.<\/p>\n<p>M\u00f6chte eine betroffene Person dieses Berichtigungsrecht in Anspruch nehmen, kann sie sich hierzu jederzeit an unseren Datenschutzbeauftragten oder einen anderen Mitarbeiter des f\u00fcr die Verarbeitung Verantwortlichen wenden.<\/p>\n<p>Jede von der Verarbeitung personenbezogener Daten betroffene Person hat das vom Europ\u00e4ischen Richtlinien- und Verordnungsgeber gew\u00e4hrte Recht, von dem Verantwortlichen zu verlangen, dass die sie betreffenden personenbezogenen Daten unverz\u00fcglich gel\u00f6scht werden, sofern einer der folgenden Gr\u00fcnde zutrifft und soweit die Verarbeitung nicht erforderlich ist:<\/p>\n<p>&#8211;&nbsp;&nbsp;&nbsp;&nbsp;&nbsp;&nbsp;&nbsp; Die personenbezogenen Daten wurden f\u00fcr solche Zwecke erhoben oder auf sonstige Weise verarbeitet, f\u00fcr welche sie nicht mehr notwendig sind.<\/p>\n<p>&#8211;&nbsp;&nbsp;&nbsp;&nbsp;&nbsp;&nbsp;&nbsp; Die betroffene Person widerruft ihre Einwilligung, auf die sich die Verarbeitung gem. Art.&nbsp;6 Abs.&nbsp;1 Buchst.&nbsp;a) DSGVO oder Art.&nbsp;9 Abs.&nbsp;2 Buchst.&nbsp;a) DSGVO st\u00fctzte, und es fehlt an einer anderweitigen Rechtsgrundlage f\u00fcr die Verarbeitung.<\/p>\n<p>&#8211;&nbsp;&nbsp;&nbsp;&nbsp;&nbsp;&nbsp;&nbsp; Die betroffene Person legt gem. Art.&nbsp;21 Abs.&nbsp;1 DSGVO Widerspruch gegen die Verarbeitung ein, und es liegen keine vorrangigen berechtigten Gr\u00fcnde f\u00fcr die Verarbeitung vor, oder die betroffene Person legt gem. Art.&nbsp;21 Abs.&nbsp;2 DSGVO Widerspruch gegen die Verarbeitung ein.<\/p>\n<p>&#8211;&nbsp;&nbsp;&nbsp;&nbsp;&nbsp;&nbsp;&nbsp; Die personenbezogenen Daten wurden unrechtm\u00e4\u00dfig verarbeitet.<\/p>\n<p>&#8211;&nbsp;&nbsp;&nbsp;&nbsp;&nbsp;&nbsp;&nbsp; Die L\u00f6schung der personenbezogenen Daten ist zur Erf\u00fcllung einer rechtlichen Verpflichtung nach dem Unionsrecht oder dem Recht der Mitgliedstaaten erforderlich, dem der Verantwortliche unterliegt.<\/p>\n<p>&#8211;&nbsp;&nbsp;&nbsp;&nbsp;&nbsp;&nbsp;&nbsp; Die personenbezogenen Daten wurden in Bezug auf angebotene Dienste der Informationsgesellschaft gem. Art.&nbsp;8 Abs.&nbsp;1 DSGVO erhoben.<\/p>\n<p>Sofern einer der o.g. Gr\u00fcnde zutrifft und eine betroffene Person die L\u00f6schung von personenbezogenen Daten, die bei der Kanzlei Holler gespeichert sind, veranlassen m\u00f6chte, kann sie sich hierzu jederzeit an unseren Datenschutzbeauftragten oder einen anderen Mitarbeiter des f\u00fcr die Verarbeitung Verantwortlichen wenden. Der Datenschutzbeauftragte der Kanzlei Holler oder ein anderer Mitarbeiter wird veranlassen, dass dem L\u00f6schverlangen unverz\u00fcglich nachgekommen wird.<\/p>\n<p>Wurden die personenbezogenen Daten von der Kanzlei Holler \u00f6ffentlich gemacht und ist unser Unternehmen als Verantwortlicher gem. Art.&nbsp;17 Abs.&nbsp;1 DSGVO zur L\u00f6schung der personenbezogenen Daten verpflichtet, so trifft die Kanzlei Holler unter Ber\u00fccksichtigung der verf\u00fcgbaren Technologie und der Implementierungskosten angemessene Ma\u00dfnahmen, auch technischer Art, um andere f\u00fcr die Datenverarbeitung Verantwortliche, welche die ver\u00f6ffentlichten personenbezogenen Daten verarbeiten, dar\u00fcber in Kenntnis zu setzen, dass die betroffene Person von diesen anderen f\u00fcr die Datenverarbeitung Verantwortlichen die L\u00f6schung s\u00e4mtlicher Links zu diesen personenbezogenen Daten oder von Kopien oder Replikationen dieser personenbezogenen Daten verlangt hat, soweit die Verarbeitung nicht erforderlich ist. Der Datenschutzbeauftragte der Kanzlei Holler&nbsp; oder ein anderer Mitarbeiter wird im Einzelfall das Notwendige veranlassen.<\/p>\n<p>Jede von der Verarbeitung personenbezogener Daten betroffene Person hat das vom Europ\u00e4ischen Richtlinien- und Verordnungsgeber gew\u00e4hrte Recht, von dem Verantwortlichen die Einschr\u00e4nkung der Verarbeitung zu verlangen, wenn eine der folgenden Voraussetzungen gegeben ist:<\/p>\n<p>&#8211;&nbsp;&nbsp;&nbsp;&nbsp;&nbsp;&nbsp;&nbsp; Die Richtigkeit der personenbezogenen Daten wird von der betroffenen Person bestritten, und zwar f\u00fcr eine Dauer, die es dem Verantwortlichen erm\u00f6glicht, die Richtigkeit der personenbezogenen Daten zu \u00fcberpr\u00fcfen.<\/p>\n<p>&#8211;&nbsp;&nbsp;&nbsp;&nbsp;&nbsp;&nbsp;&nbsp; Die Verarbeitung ist unrechtm\u00e4\u00dfig, die betroffene Person lehnt die L\u00f6schung der personenbezogenen Daten ab und verlangt stattdessen die Einschr\u00e4nkung der Nutzung der personenbezogenen Daten.<\/p>\n<p>&#8211;&nbsp;&nbsp;&nbsp;&nbsp;&nbsp;&nbsp;&nbsp; Der Verantwortliche ben\u00f6tigt die personenbezogenen Daten f\u00fcr die Zwecke der Verarbeitung nicht l\u00e4nger, die betroffene Person ben\u00f6tigt sie jedoch zur Geltendmachung, Aus\u00fcbung oder Verteidigung von Rechtsanspr\u00fcchen.<\/p>\n<p>&#8211;&nbsp;&nbsp;&nbsp;&nbsp;&nbsp;&nbsp;&nbsp; Die betroffene Person hat Widerspruch gegen die Verarbeitung gem. Art.&nbsp;21 Abs.&nbsp;1 DSGVO eingelegt und es steht noch nicht fest, ob die berechtigten Gr\u00fcnde des Verantwortlichen gegen\u00fcber denen der betroffenen Person \u00fcberwiegen.<\/p>\n<p>Sofern eine der o.g. Voraussetzungen gegeben ist und eine betroffene Person die Einschr\u00e4nkung von personenbezogenen Daten, die bei der Kanzlei Holler gespeichert sind, verlangen m\u00f6chte, kann sie sich hierzu jederzeit an unseren Datenschutzbeauftragten oder einen anderen Mitarbeiter des f\u00fcr die Verarbeitung Verantwortlichen wenden. Der Datenschutzbeauftragte der Kanzlei Holler oder ein anderer Mitarbeiter wird die Einschr\u00e4nkung der Verarbeitung veranlassen.<\/p>\n<p>Jede von der Verarbeitung personenbezogener Daten betroffene Person hat das vom Europ\u00e4ischen Richtlinien- und Verordnungsgeber gew\u00e4hrte Recht, die sie betreffenden personenbezogenen Daten, welche durch die betroffene Person einem Verantwortlichen bereitgestellt wurden, in einem strukturierten, g\u00e4ngigen und maschinenlesbaren Format zu erhalten. Sie hat au\u00dferdem das Recht, diese Daten einem anderen Verantwortlichen ohne Behinderung durch den Verantwortlichen, dem die personenbezogenen Daten bereitgestellt wurden, zu \u00fcbermitteln, sofern die Verarbeitung auf der Einwilligung gem. Art.&nbsp;6 Abs.&nbsp;1 Buchst.&nbsp;a) DSGVO oder Art.&nbsp;9 Abs.&nbsp;2 Buchst.&nbsp;a) DSGVO oder auf einem Vertrag gem. Art.&nbsp;6 Abs.&nbsp;1 Buchst.&nbsp;b) DSGVO beruht und die Verarbeitung mithilfe automatisierter Verfahren erfolgt, sofern die Verarbeitung nicht f\u00fcr die Wahrnehmung einer Aufgabe erforderlich ist, die im \u00f6ffentlichen Interesse liegt oder in Aus\u00fcbung \u00f6ffentlicher Gewalt erfolgt, welche dem Verantwortlichen \u00fcbertragen wurde.<\/p>\n<p>Ferner hat die betroffene Person bei der Aus\u00fcbung ihres Rechts auf Daten\u00fcbertragbarkeit gem. Art.&nbsp;20 Abs.&nbsp;1 DSGVO das Recht, zu erwirken, dass die personenbezogenen Daten direkt von einem Verantwortlichen an einen anderen Verantwortlichen \u00fcbermittelt werden, soweit dies technisch machbar ist und sofern hiervon nicht die Rechte und Freiheiten anderer Personen beeintr\u00e4chtigt werden.<\/p>\n<p>Zur Geltendmachung des Rechts auf Daten\u00fcbertragbarkeit kann sich die betroffene Person jederzeit an den von der Kanzlei\/Firma &#8230; bestellten Datenschutzbeauftragten oder einen anderen Mitarbeiter wenden.<\/p>\n<p>Jede von der Verarbeitung personenbezogener Daten betroffene Person hat das vom Europ\u00e4ischen Richtlinien- und Verordnungsgeber gew\u00e4hrte Recht, aus Gr\u00fcnden, die sich aus ihrer besonderen Situation ergeben, jederzeit gegen die Verarbeitung sie betreffender personenbezogener Daten, die aufgrund von Art.&nbsp;6 Abs.&nbsp;1 Buchst.&nbsp;e) oder&nbsp;f) DSGVO erfolgt, Widerspruch einzulegen. Dies gilt auch f\u00fcr ein auf diese Bestimmungen gest\u00fctztes Profiling.<\/p>\n<p>Die Kanzlei&nbsp; Holler verarbeitet die personenbezogenen Daten im Fall des Widerspruchs nicht mehr, es sei denn, wir k\u00f6nnen zwingende schutzw\u00fcrdige Gr\u00fcnde f\u00fcr die Verarbeitung nachweisen, die den Interessen, Rechten und Freiheiten der betroffenen Person \u00fcberwiegen oder der Verarbeitung, Geltendmachung, Aus\u00fcbung oder Verteidigung von Rechtsanspr\u00fcchen dienen.<\/p>\n<p>Verarbeitet die Kanzlei Holler personenbezogene Daten, um Direktwerbung zu betreiben, so hat die betroffene Person das Recht, jederzeit Widerspruch gegen die Verarbeitung der personenbezogenen Daten zum Zweck derartiger Werbung einzulegen. Dies gilt auch f\u00fcr das Profiling, soweit es mit solcher Direktwerbung in Verbindung steht. Widerspricht die betroffene Person gegen\u00fcber der Kanzlei Holler&nbsp; der Verarbeitung f\u00fcr Zwecke der Direktwerbung, so wird die Kanzlei Holler die personenbezogenen Daten nicht mehr f\u00fcr diese Zwecke verarbeiten.<\/p>\n<p>Zudem hat die betroffene Person das Recht, aus Gr\u00fcnden, die sich aus ihrer besonderen Situation ergeben, gegen die sie betreffende Verarbeitung personenbezogener Daten, die bei der Kanzlei Holler zu wissenschaftlichen oder historischen Forschungszwecken oder zu statistischen Zwecken gem. Art.&nbsp;89 Abs.&nbsp;1 DSGVO erfolgen, Widerspruch einzulegen, es sei denn, eine solche Verarbeitung ist zur Erf\u00fcllung einer im \u00f6ffentlichen Interesse liegenden Aufgabe erforderlich.<\/p>\n<p>Zur Aus\u00fcbung des Rechts auf Widerspruch kann sich die betroffene Person direkt an den Datenschutzbeauftragten der Kanzlei Holler&nbsp; oder einen anderen Mitarbeiter wenden. Der betroffenen Person steht es ferner frei, im Zusammenhang mit der Nutzung von Diensten der Informationsgesellschaft, ungeachtet der Richtlinie 2002\/58\/EG, ihr Widerspruchsrecht mittels automatisierter Verfahren auszu\u00fcben, bei denen technische Spezifikationen verwendet werden.<\/p>\n<p>Jede von der Verarbeitung personenbezogener Daten betroffene Person hat das vom Europ\u00e4ischen Richtlinien- und Verordnungsgeber gew\u00e4hrte Recht, nicht einer ausschlie\u00dflich auf einer automatisierten Verarbeitung &#8211; einschlie\u00dflich Profiling &#8211; beruhenden Entscheidung unterworfen zu werden, die ihr gegen\u00fcber rechtliche Wirkung entfaltet oder sie in \u00e4hnlicher Weise erheblich beeintr\u00e4chtigt, sofern die Entscheidung<\/p>\n<ol>\n<li>a) nicht f\u00fcr den Abschluss oder die Erf\u00fcllung eines Vertrags zwischen der betroffenen Person und dem Verantwortlichen erforderlich ist, oder<\/li>\n<li>b) aufgrund von Rechtsvorschriften der Union oder der Mitgliedstaaten, denen der Verantwortliche unterliegt, zul\u00e4ssig ist und diese Rechtsvorschriften angemessene Ma\u00dfnahmen zur Wahrung der Rechte und Freiheiten sowie der berechtigten Interessen der betroffenen Person enthalten oder<\/li>\n<li>c) mit ausdr\u00fccklicher Einwilligung der betroffenen Person erfolgt.<\/li>\n<\/ol>\n<p>Ist die Entscheidung<\/p>\n<ol>\n<li>a) f\u00fcr den Abschluss oder die Erf\u00fcllung eines Vertrags zwischen der betroffenen Person und dem Verantwortlichen erforderlich oder<\/li>\n<li>b) erfolgt sie mit ausdr\u00fccklicher Einwilligung der betroffenen Person, trifft die Kanzlei Holler&nbsp;angemessene Ma\u00dfnahmen, um die Rechte und Freiheiten sowie die berechtigten Interessen der betroffenen Person zu wahren, wozu mindestens das Recht auf Erwirkung des Eingreifens einer Person seitens des Verantwortlichen, auf Darlegung des eigenen Standpunkts und auf Anfechtung der Entscheidung geh\u00f6rt.<\/li>\n<\/ol>\n<p>M\u00f6chte die betroffene Person Rechte mit Bezug auf automatisierte Entscheidungen geltend machen, kann sie sich hierzu jederzeit an unseren Datenschutzbeauftragten oder einen anderen Mitarbeiter des f\u00fcr die Verarbeitung Verantwortlichen wenden.<\/p>\n<p>Jede von der Verarbeitung personenbezogener Daten betroffene Person hat das vom Europ\u00e4ischen Richtlinien- und Verordnungsgeber gew\u00e4hrte Recht, eine Einwilligung zur Verarbeitung personenbezogener Daten jederzeit zu widerrufen.<\/p>\n<p>M\u00f6chte die betroffene Person ihr Recht auf Widerruf einer Einwilligung geltend machen, kann sie sich hierzu jederzeit an unseren Datenschutzbeauftragten oder einen anderen Mitarbeiter des f\u00fcr die Verarbeitung Verantwortlichen wenden.<\/p>\n<ol start=\"14\">\n<li>Rechtsgrundlage der Verarbeitung<\/li>\n<\/ol>\n<p>Art.&nbsp;6 Abs.&nbsp;1 Buchst.&nbsp;a) DSGVO dient unserem Unternehmen als Rechtsgrundlage f\u00fcr Verarbeitungsvorg\u00e4nge, bei denen wir eine Einwilligung f\u00fcr einen bestimmten Verarbeitungszweck einholen. Ist die Verarbeitung personenbezogener Daten zur Erf\u00fcllung eines Vertrags, dessen Vertragspartei die betroffene Person ist, erforderlich, wie dies beispielsweise bei Verarbeitungsvorg\u00e4ngen der Fall ist, die f\u00fcr eine Lieferung von Waren oder die Erbringung einer sonstigen Leistung oder Gegenleistung notwendig sind, so beruht die Verarbeitung auf Art.&nbsp;6 Abs.&nbsp;1 Buchst.&nbsp;b) DSGVO. Gleiches gilt f\u00fcr solche Verarbeitungsvorg\u00e4nge, die zur Durchf\u00fchrung vorvertraglicher Ma\u00dfnahmen erforderlich sind, etwa in F\u00e4llen von Anfragen zur unseren Produkten oder Leistungen. Unterliegt unser Unternehmen einer rechtlichen Verpflichtung, durch welche eine Verarbeitung von personenbezogenen Daten erforderlich wird, wie beispielsweise zur Erf\u00fcllung steuerlicher Pflichten, so basiert die Verarbeitung auf Art.&nbsp;6 Abs.&nbsp;1 Buchst.&nbsp;c) DSGVO. In seltenen F\u00e4llen k\u00f6nnte die Verarbeitung von personenbezogenen Daten erforderlich werden, um lebenswichtige Interessen der betroffenen Person oder einer anderen nat\u00fcrlichen Person zu sch\u00fctzen. Dies w\u00e4re beispielsweise der Fall, wenn ein Besucher in unserem Betrieb verletzt werden w\u00fcrde und daraufhin sein Name, sein Alter, seine Krankenkassendaten oder sonstige lebenswichtige Informationen an einen Arzt, ein Krankenhaus oder sonstige Dritte weitergegeben werden m\u00fcssten. Dann w\u00fcrde die Verarbeitung auf Art.&nbsp;6 Abs.&nbsp;1 Buchst.&nbsp;d) DSGVO beruhen. Letztlich k\u00f6nnten Verarbeitungsvorg\u00e4nge auf Art.&nbsp;6 Abs.&nbsp;1 Buchst.&nbsp;f) DSGVO beruhen. Auf dieser Rechtsgrundlage basieren Verarbeitungsvorg\u00e4nge, die von keiner der vorgenannten Rechtsgrundlagen erfasst werden, wenn die Verarbeitung zur Wahrung eines berechtigten Interesses unseres Unternehmens oder eines Dritten erforderlich ist, sofern die Interessen, Grundrechte und Grundfreiheiten des Betroffenen nicht \u00fcberwiegen. Solche Verarbeitungsvorg\u00e4nge sind uns insbesondere deshalb gestattet, weil sie durch den Europ\u00e4ischen Gesetzgeber besonders erw\u00e4hnt wurden. Er vertrat insoweit die Auffassung, dass ein berechtigtes Interesse anzunehmen sein k\u00f6nnte, wenn die betroffene Person ein Kunde des Verantwortlichen ist (Erw\u00e4gungsgrund&nbsp;47 Satz&nbsp;2 DSGVO).<\/p>\n<ol start=\"15\">\n<li>Berechtigte Interessen an der Verarbeitung, die von dem Verantwortlichen oder einem Dritten verfolgt werden<\/li>\n<\/ol>\n<p>Basiert die Verarbeitung personenbezogener Daten auf Art.&nbsp;6 Abs.&nbsp;1 Buchst.&nbsp;f) DSGVO, ist unser berechtigtes Interesse die Durchf\u00fchrung unserer Gesch\u00e4ftst\u00e4tigkeit zugunsten des Wohlergehens all unserer Mitarbeiter und unserer Anteilseigner.<\/p>\n<ol start=\"16\">\n<li>Der Verantwortliche bzw. Ihr Ansprechpartner<\/li>\n<\/ol>\n<p>Bei Fragen zur Erhebung, Verarbeitung oder Nutzung Ihrer personenbezogenen Daten, bei Ausk\u00fcnften, Berichtigung, Sperrung oder L\u00f6schung von Daten sowie Widerruf erteilter Einwilligungen oder Widerspruch gegen eine bestimmte Datenverwendung wenden Sie sich bitte direkt an:<\/p>\n<p>Anwaltskanzlei Holler Meesmannstr.46 58456 Witten Tel.: 02302 \/ 760080 Telefax : 02302 \/ 760081 &nbsp;E-Mail: info@ra-holler.de<\/p>","protected":false},"excerpt":{"rendered":"<p>Datenschutzerkl\u00e4rung In dieser Datenschutzerkl\u00e4rung informieren wir Sie \u00fcber die Verarbeitung Ihrer personenbezogenen Daten. Sofern Sie Ihre Datenschutzeinstellungen \u00e4ndern m\u00f6chten (Einwilligungen erteilen oder bereits erteilte Einwilligungen widerrufen), klicken Sie hier um Ihre Einstellungen zu \u00e4ndern. Verantwortlich RA Thomas Holler, Anwaltskanzlei Thomas Holler, Meesmannstra\u00dfe 46, 58456 Witten, Deutschland, info@ra-holler.de, 02302 760080 Hosting&#8230;<\/p>\n","protected":false},"author":2,"featured_media":0,"parent":0,"menu_order":5,"comment_status":"closed","ping_status":"closed","template":"","meta":{"footnotes":""},"class_list":["post-374","page","type-page","status-publish","hentry"],"_links":{"self":[{"href":"https:\/\/anwaltskanzlei-holler.de\/index.php\/wp-json\/wp\/v2\/pages\/374","targetHints":{"allow":["GET"]}}],"collection":[{"href":"https:\/\/anwaltskanzlei-holler.de\/index.php\/wp-json\/wp\/v2\/pages"}],"about":[{"href":"https:\/\/anwaltskanzlei-holler.de\/index.php\/wp-json\/wp\/v2\/types\/page"}],"author":[{"embeddable":true,"href":"https:\/\/anwaltskanzlei-holler.de\/index.php\/wp-json\/wp\/v2\/users\/2"}],"replies":[{"embeddable":true,"href":"https:\/\/anwaltskanzlei-holler.de\/index.php\/wp-json\/wp\/v2\/comments?post=374"}],"version-history":[{"count":4,"href":"https:\/\/anwaltskanzlei-holler.de\/index.php\/wp-json\/wp\/v2\/pages\/374\/revisions"}],"predecessor-version":[{"id":385,"href":"https:\/\/anwaltskanzlei-holler.de\/index.php\/wp-json\/wp\/v2\/pages\/374\/revisions\/385"}],"wp:attachment":[{"href":"https:\/\/anwaltskanzlei-holler.de\/index.php\/wp-json\/wp\/v2\/media?parent=374"}],"curies":[{"name":"wp","href":"https:\/\/api.w.org\/{rel}","templated":true}]}}